{"id":376,"date":"2016-04-11T16:37:11","date_gmt":"2016-04-11T16:37:11","guid":{"rendered":"http:\/\/marcosmesa.com\/?page_id=376"},"modified":"2016-10-19T15:41:11","modified_gmt":"2016-10-19T15:41:11","slug":"poemas-lienzo","status":"publish","type":"page","link":"http:\/\/marcosmesa.com\/ca\/poemas-lienzo\/","title":{"rendered":"Poemes sobre tela"},"content":{"rendered":"<p><\/p>\n<div>\n<p style=\"text-align: justify;\">Els poemes sobre tela s\u00f3n peces pict\u00f2riques del g\u00e8nere de la poesia visual i els poemes objecte, amb Joan Brossa com a precursor. Marcos Mesa experimenta a fons amb la poesia visual a trav\u00e9s dels estris afegint t\u00e8cniques pict\u00f2riques de diversa naturalesa que advoquen per un esperit ancestral i primitiu.<\/p>\n<p style=\"text-align: justify;\">Les teles es basen en la conceptualitat de l&#8217;estri aix\u00ed com de l\u2019artifici i la descontextualitzaci\u00f3 de l&#8217;objecte. Molts dels objectes amb qu\u00e8 treballa l&#8217;artista s\u00f3n trobats, per la qual cosa moltes obres denoten la c\u00e0rrega de l&#8217;entorn.<\/p>\n<div id=\"attachment_381\" style=\"width: 476px\" class=\"wp-caption alignnone\"><a href=\"http:\/\/marcosmesa.com\/wp-content\/uploads\/2016\/04\/5.jpg\" rel=\"attachment wp-att-381\"><img aria-describedby=\"caption-attachment-381\" decoding=\"async\" loading=\"lazy\" class=\"wp-image-381\" src=\"http:\/\/marcosmesa.com\/wp-content\/uploads\/2016\/04\/5.jpg\" alt=\"Hombre sill\u00edn\" width=\"466\" height=\"711\" \/><\/a><p id=\"caption-attachment-381\" class=\"wp-caption-text\">Mantis &#8211; 100 x 65cm- Mixta i assemblage sobre fusta.<\/p><\/div>\n<div id=\"attachment_398\" style=\"width: 511px\" class=\"wp-caption alignnone\"><a href=\"http:\/\/marcosmesa.com\/wp-content\/uploads\/2016\/04\/dux.jpg\" rel=\"attachment wp-att-398\"><img aria-describedby=\"caption-attachment-398\" decoding=\"async\" loading=\"lazy\" class=\"wp-image-398 size-full\" src=\"http:\/\/marcosmesa.com\/wp-content\/uploads\/2016\/04\/dux.jpg\" alt=\"Ducha de latas\" width=\"501\" height=\"600\" srcset=\"http:\/\/marcosmesa.com\/wp-content\/uploads\/2016\/04\/dux.jpg 501w, http:\/\/marcosmesa.com\/wp-content\/uploads\/2016\/04\/dux-251x300.jpg 251w\" sizes=\"(max-width: 501px) 100vw, 501px\" \/><\/a><p id=\"caption-attachment-398\" class=\"wp-caption-text\">Dutxa de llaunes &#8211; 100 X 81cm- Mixta i collage sobre fusta &#8211; Col. Particular.<\/p><\/div>\n<div id=\"attachment_385\" style=\"width: 710px\" class=\"wp-caption alignnone\"><a href=\"http:\/\/marcosmesa.com\/wp-content\/uploads\/2016\/04\/lienzo1.jpg\" rel=\"attachment wp-att-385\"><img aria-describedby=\"caption-attachment-385\" decoding=\"async\" loading=\"lazy\" class=\"wp-image-385 size-full\" src=\"http:\/\/marcosmesa.com\/wp-content\/uploads\/2016\/04\/lienzo1.jpg\" alt=\"Sin T\u00edtulo\" width=\"700\" height=\"676\" srcset=\"http:\/\/marcosmesa.com\/wp-content\/uploads\/2016\/04\/lienzo1.jpg 700w, http:\/\/marcosmesa.com\/wp-content\/uploads\/2016\/04\/lienzo1-300x290.jpg 300w\" sizes=\"(max-width: 700px) 100vw, 700px\" \/><\/a><p id=\"caption-attachment-385\" class=\"wp-caption-text\">Au &#8211; 100 x 100 cm- T\u00e8cnica mixta i assemblage d&#8217;objectes sobre fusta -Col\u00b7lecci\u00f3 particular.<\/p><\/div>\n<div id=\"attachment_382\" style=\"width: 476px\" class=\"wp-caption alignnone\"><a href=\"http:\/\/marcosmesa.com\/wp-content\/uploads\/2016\/04\/6.jpg\" rel=\"attachment wp-att-382\"><img aria-describedby=\"caption-attachment-382\" decoding=\"async\" loading=\"lazy\" class=\"wp-image-382 size-full\" src=\"http:\/\/marcosmesa.com\/wp-content\/uploads\/2016\/04\/6.jpg\" alt=\"Flor de planchas\" width=\"466\" height=\"700\" srcset=\"http:\/\/marcosmesa.com\/wp-content\/uploads\/2016\/04\/6.jpg 466w, http:\/\/marcosmesa.com\/wp-content\/uploads\/2016\/04\/6-200x300.jpg 200w\" sizes=\"(max-width: 466px) 100vw, 466px\" \/><\/a><p id=\"caption-attachment-382\" class=\"wp-caption-text\">Flor dom\u00e8stica &#8211; 123 x 81 cm &#8211; Mixta i assemblage sobre fusta.<\/p><\/div>\n<div id=\"attachment_383\" style=\"width: 471px\" class=\"wp-caption alignnone\"><a href=\"http:\/\/marcosmesa.com\/wp-content\/uploads\/2016\/04\/9.jpg\" rel=\"attachment wp-att-383\"><img aria-describedby=\"caption-attachment-383\" decoding=\"async\" loading=\"lazy\" class=\"wp-image-383 size-full\" src=\"http:\/\/marcosmesa.com\/wp-content\/uploads\/2016\/04\/9.jpg\" alt=\"El abrazo\" width=\"461\" height=\"700\" srcset=\"http:\/\/marcosmesa.com\/wp-content\/uploads\/2016\/04\/9.jpg 461w, http:\/\/marcosmesa.com\/wp-content\/uploads\/2016\/04\/9-198x300.jpg 198w\" sizes=\"(max-width: 461px) 100vw, 461px\" \/><\/a><p id=\"caption-attachment-383\" class=\"wp-caption-text\">L&#8217;abra\u00e7ada &#8211; 20 x 30 cm- Pintura i collage sobre paper.<\/p><\/div>\n<div id=\"attachment_390\" style=\"width: 710px\" class=\"wp-caption alignnone\"><a href=\"http:\/\/marcosmesa.com\/wp-content\/uploads\/2016\/04\/senoras.jpg\" rel=\"attachment wp-att-390\"><img aria-describedby=\"caption-attachment-390\" decoding=\"async\" loading=\"lazy\" class=\"wp-image-390 size-full\" src=\"http:\/\/marcosmesa.com\/wp-content\/uploads\/2016\/04\/senoras.jpg\" alt=\"se\u00f1oras que conversan\" width=\"700\" height=\"650\" srcset=\"http:\/\/marcosmesa.com\/wp-content\/uploads\/2016\/04\/senoras.jpg 700w, http:\/\/marcosmesa.com\/wp-content\/uploads\/2016\/04\/senoras-300x279.jpg 300w\" sizes=\"(max-width: 700px) 100vw, 700px\" \/><\/a><p id=\"caption-attachment-390\" class=\"wp-caption-text\">Senyores que conversen &#8211; Escultura de plom i objectes &#8211; Col\u00b7lecci\u00f3 Particular.<\/p><\/div>\n<div id=\"attachment_389\" style=\"width: 410px\" class=\"wp-caption alignnone\"><a href=\"http:\/\/marcosmesa.com\/wp-content\/uploads\/2016\/04\/poema3-1.jpg\" rel=\"attachment wp-att-389\"><img aria-describedby=\"caption-attachment-389\" decoding=\"async\" loading=\"lazy\" class=\"wp-image-389 size-full\" src=\"http:\/\/marcosmesa.com\/wp-content\/uploads\/2016\/04\/poema3-1.jpg\" alt=\"Melod\u00eda alada\" width=\"400\" height=\"394\" srcset=\"http:\/\/marcosmesa.com\/wp-content\/uploads\/2016\/04\/poema3-1.jpg 400w, http:\/\/marcosmesa.com\/wp-content\/uploads\/2016\/04\/poema3-1-300x296.jpg 300w\" sizes=\"(max-width: 400px) 100vw, 400px\" \/><\/a><p id=\"caption-attachment-389\" class=\"wp-caption-text\">Melodia alada &#8211; 81 x 100 cm- Mixta i assemblage &#8211; Col. Particular.<\/p><\/div>\n<div id=\"attachment_388\" style=\"width: 410px\" class=\"wp-caption alignnone\"><a href=\"http:\/\/marcosmesa.com\/wp-content\/uploads\/2016\/04\/poema1-1.jpg\" rel=\"attachment wp-att-388\"><img aria-describedby=\"caption-attachment-388\" decoding=\"async\" loading=\"lazy\" class=\"wp-image-388 size-full\" src=\"http:\/\/marcosmesa.com\/wp-content\/uploads\/2016\/04\/poema1-1.jpg\" alt=\"Cuervo\" width=\"400\" height=\"394\" srcset=\"http:\/\/marcosmesa.com\/wp-content\/uploads\/2016\/04\/poema1-1.jpg 400w, http:\/\/marcosmesa.com\/wp-content\/uploads\/2016\/04\/poema1-1-300x296.jpg 300w\" sizes=\"(max-width: 400px) 100vw, 400px\" \/><\/a><p id=\"caption-attachment-388\" class=\"wp-caption-text\">Corb de fusta &#8211; 55 x 33 cm- Pintura i collage sobre pell de xai. Col\u00b7lecci\u00f3 particular<\/p><\/div>\n<\/div>\n<p><\/p>","protected":false},"excerpt":{"rendered":"<p>Els poemes sobre tela s\u00f3n peces pict\u00f2riques del g\u00e8nere de la poesia visual i els poemes objecte, amb Joan Brossa com a precursor. Marcos Mesa experimenta a fons amb la poesia visual a trav\u00e9s dels estris afegint t\u00e8cniques pict\u00f2riques de diversa naturalesa que advoquen per un esperit ancestral i primitiu. Les teles es basen en [&hellip;]<\/p>\n","protected":false},"author":1,"featured_media":379,"parent":0,"menu_order":0,"comment_status":"closed","ping_status":"closed","template":"","meta":[],"_links":{"self":[{"href":"http:\/\/marcosmesa.com\/ca\/wp-json\/wp\/v2\/pages\/376"}],"collection":[{"href":"http:\/\/marcosmesa.com\/ca\/wp-json\/wp\/v2\/pages"}],"about":[{"href":"http:\/\/marcosmesa.com\/ca\/wp-json\/wp\/v2\/types\/page"}],"author":[{"embeddable":true,"href":"http:\/\/marcosmesa.com\/ca\/wp-json\/wp\/v2\/users\/1"}],"replies":[{"embeddable":true,"href":"http:\/\/marcosmesa.com\/ca\/wp-json\/wp\/v2\/comments?post=376"}],"version-history":[{"count":7,"href":"http:\/\/marcosmesa.com\/ca\/wp-json\/wp\/v2\/pages\/376\/revisions"}],"predecessor-version":[{"id":817,"href":"http:\/\/marcosmesa.com\/ca\/wp-json\/wp\/v2\/pages\/376\/revisions\/817"}],"wp:featuredmedia":[{"embeddable":true,"href":"http:\/\/marcosmesa.com\/ca\/wp-json\/wp\/v2\/media\/379"}],"wp:attachment":[{"href":"http:\/\/marcosmesa.com\/ca\/wp-json\/wp\/v2\/media?parent=376"}],"curies":[{"name":"wp","href":"https:\/\/api.w.org\/{rel}","templated":true}]}}