{"id":554,"date":"2016-04-12T16:46:07","date_gmt":"2016-04-12T16:46:07","guid":{"rendered":"http:\/\/marcosmesa.com\/?page_id=554"},"modified":"2016-10-19T15:43:47","modified_gmt":"2016-10-19T15:43:47","slug":"lonas-que-hablan","status":"publish","type":"page","link":"http:\/\/marcosmesa.com\/ca\/lonas-que-hablan\/","title":{"rendered":"Lones que parlen"},"content":{"rendered":"<p><\/p>\n<div>\n<p style=\"text-align: justify;\">La primera pe\u00e7a d&#8217;aquest experiment la constitueixen una s\u00e8rie de fotografies trobades a la muntanya entre uns matolls del bosc. Les imatges s\u2019han desgastat a causa de l&#8217;aigua i l&#8217;acci\u00f3 dels elements i s\u00f3n resultat d\u2019una s\u00e8rie d&#8217;abstraccions de diverses tonalitats que evoquen paisatges o territoris vistos des del cel.<\/p>\n<p style=\"text-align: justify;\">Es tracta d&#8217;un projecte pict\u00f2ric, encara en proc\u00e9s, resultant de la recerca en l&#8217;entorn d&#8217;objectes per configurar composicions pl\u00e0stiques. Es tracta d&#8217;un conjunt de lones adaptades a la tela que conformen una s\u00e8rie de paisatges per mitj\u00e0 de l&#8217;acotament del seu marge i la seva composici\u00f3. Aquest tipus de superficies, que revelen l&#8217;erosi\u00f3 i el pas de temps, han estat trobades en diversos llocs i circumst\u00e0ncies.<\/p>\n<div id=\"attachment_556\" style=\"width: 354px\" class=\"wp-caption aligncenter\"><a href=\"http:\/\/marcosmesa.com\/wp-content\/uploads\/2016\/04\/fotograf\u00edas-entornos.jpg\" rel=\"attachment wp-att-556\"><img aria-describedby=\"caption-attachment-556\" decoding=\"async\" loading=\"lazy\" class=\"wp-image-556\" src=\"http:\/\/marcosmesa.com\/wp-content\/uploads\/2016\/04\/fotograf\u00edas-entornos.jpg\" alt=\"fotograf\u00edas entornos\" width=\"344\" height=\"548\" \/><\/a><p id=\"caption-attachment-556\" class=\"wp-caption-text\">Fotograf\u00edas en color encontradas &#8211; Girona<\/p><\/div>\n<div id=\"attachment_565\" style=\"width: 443px\" class=\"wp-caption aligncenter\"><a href=\"http:\/\/marcosmesa.com\/wp-content\/uploads\/2016\/04\/lona-quemada.jpg\" rel=\"attachment wp-att-565\"><img aria-describedby=\"caption-attachment-565\" decoding=\"async\" loading=\"lazy\" class=\"wp-image-565 size-full\" src=\"http:\/\/marcosmesa.com\/wp-content\/uploads\/2016\/04\/lona-quemada.jpg\" alt=\"lona quemada\" width=\"433\" height=\"550\" srcset=\"http:\/\/marcosmesa.com\/wp-content\/uploads\/2016\/04\/lona-quemada.jpg 433w, http:\/\/marcosmesa.com\/wp-content\/uploads\/2016\/04\/lona-quemada-236x300.jpg 236w\" sizes=\"(max-width: 433px) 100vw, 433px\" \/><\/a><p id=\"caption-attachment-565\" class=\"wp-caption-text\">Lona de una roulotte abandonada y quemada en un pajar. Girona<\/p><\/div>\n<div id=\"attachment_557\" style=\"width: 497px\" class=\"wp-caption aligncenter\"><a href=\"http:\/\/marcosmesa.com\/wp-content\/uploads\/2016\/04\/lona-amarilla.jpg\" rel=\"attachment wp-att-557\"><img aria-describedby=\"caption-attachment-557\" decoding=\"async\" loading=\"lazy\" class=\"wp-image-557 size-full\" src=\"http:\/\/marcosmesa.com\/wp-content\/uploads\/2016\/04\/lona-amarilla.jpg\" alt=\"lona amarilla\" width=\"487\" height=\"700\" srcset=\"http:\/\/marcosmesa.com\/wp-content\/uploads\/2016\/04\/lona-amarilla.jpg 487w, http:\/\/marcosmesa.com\/wp-content\/uploads\/2016\/04\/lona-amarilla-209x300.jpg 209w\" sizes=\"(max-width: 487px) 100vw, 487px\" \/><\/a><p id=\"caption-attachment-557\" class=\"wp-caption-text\">Lona amarilla. Burgos<\/p><\/div>\n<div id=\"attachment_563\" style=\"width: 610px\" class=\"wp-caption aligncenter\"><a href=\"http:\/\/marcosmesa.com\/wp-content\/uploads\/2016\/04\/lona-con-n\u00fameros.jpg\" rel=\"attachment wp-att-563\"><img aria-describedby=\"caption-attachment-563\" decoding=\"async\" loading=\"lazy\" class=\"wp-image-563 size-full\" src=\"http:\/\/marcosmesa.com\/wp-content\/uploads\/2016\/04\/lona-con-n\u00fameros.jpg\" alt=\"lona con n\u00fameros\" width=\"600\" height=\"567\" srcset=\"http:\/\/marcosmesa.com\/wp-content\/uploads\/2016\/04\/lona-con-n\u00fameros.jpg 600w, http:\/\/marcosmesa.com\/wp-content\/uploads\/2016\/04\/lona-con-n\u00fameros-300x284.jpg 300w\" sizes=\"(max-width: 600px) 100vw, 600px\" \/><\/a><p id=\"caption-attachment-563\" class=\"wp-caption-text\">Lona de cami\u00f3n. Burgos<\/p><\/div>\n<div id=\"attachment_566\" style=\"width: 610px\" class=\"wp-caption aligncenter\"><a href=\"http:\/\/marcosmesa.com\/wp-content\/uploads\/2016\/04\/tres-birrete.jpg\" rel=\"attachment wp-att-566\"><img aria-describedby=\"caption-attachment-566\" decoding=\"async\" loading=\"lazy\" class=\"wp-image-566 size-full\" src=\"http:\/\/marcosmesa.com\/wp-content\/uploads\/2016\/04\/tres-birrete.jpg\" alt=\"tres birretes\" width=\"600\" height=\"435\" srcset=\"http:\/\/marcosmesa.com\/wp-content\/uploads\/2016\/04\/tres-birrete.jpg 600w, http:\/\/marcosmesa.com\/wp-content\/uploads\/2016\/04\/tres-birrete-300x218.jpg 300w\" sizes=\"(max-width: 600px) 100vw, 600px\" \/><\/a><p id=\"caption-attachment-566\" class=\"wp-caption-text\">Lona con birretes. Barcelona<\/p><\/div>\n<div id=\"attachment_564\" style=\"width: 577px\" class=\"wp-caption aligncenter\"><a href=\"http:\/\/marcosmesa.com\/wp-content\/uploads\/2016\/04\/lona-intervenida.jpg\" rel=\"attachment wp-att-564\"><img aria-describedby=\"caption-attachment-564\" decoding=\"async\" loading=\"lazy\" class=\"wp-image-564 size-full\" src=\"http:\/\/marcosmesa.com\/wp-content\/uploads\/2016\/04\/lona-intervenida.jpg\" alt=\"lona intervenida\" width=\"567\" height=\"550\" srcset=\"http:\/\/marcosmesa.com\/wp-content\/uploads\/2016\/04\/lona-intervenida.jpg 567w, http:\/\/marcosmesa.com\/wp-content\/uploads\/2016\/04\/lona-intervenida-300x291.jpg 300w\" sizes=\"(max-width: 567px) 100vw, 567px\" \/><\/a><p id=\"caption-attachment-564\" class=\"wp-caption-text\">Lona intervenida con composici\u00f3n pict\u00f3rica<\/p><\/div>\n<\/div>\n<p><\/p>","protected":false},"excerpt":{"rendered":"<p>La primera pe\u00e7a d&#8217;aquest experiment la constitueixen una s\u00e8rie de fotografies trobades a la muntanya entre uns matolls del bosc. Les imatges s\u2019han desgastat a causa de l&#8217;aigua i l&#8217;acci\u00f3 dels elements i s\u00f3n resultat d\u2019una s\u00e8rie d&#8217;abstraccions de diverses tonalitats que evoquen paisatges o territoris vistos des del cel. Es tracta d&#8217;un projecte pict\u00f2ric, [&hellip;]<\/p>\n","protected":false},"author":1,"featured_media":555,"parent":0,"menu_order":0,"comment_status":"closed","ping_status":"closed","template":"","meta":[],"_links":{"self":[{"href":"http:\/\/marcosmesa.com\/ca\/wp-json\/wp\/v2\/pages\/554"}],"collection":[{"href":"http:\/\/marcosmesa.com\/ca\/wp-json\/wp\/v2\/pages"}],"about":[{"href":"http:\/\/marcosmesa.com\/ca\/wp-json\/wp\/v2\/types\/page"}],"author":[{"embeddable":true,"href":"http:\/\/marcosmesa.com\/ca\/wp-json\/wp\/v2\/users\/1"}],"replies":[{"embeddable":true,"href":"http:\/\/marcosmesa.com\/ca\/wp-json\/wp\/v2\/comments?post=554"}],"version-history":[{"count":4,"href":"http:\/\/marcosmesa.com\/ca\/wp-json\/wp\/v2\/pages\/554\/revisions"}],"predecessor-version":[{"id":819,"href":"http:\/\/marcosmesa.com\/ca\/wp-json\/wp\/v2\/pages\/554\/revisions\/819"}],"wp:featuredmedia":[{"embeddable":true,"href":"http:\/\/marcosmesa.com\/ca\/wp-json\/wp\/v2\/media\/555"}],"wp:attachment":[{"href":"http:\/\/marcosmesa.com\/ca\/wp-json\/wp\/v2\/media?parent=554"}],"curies":[{"name":"wp","href":"https:\/\/api.w.org\/{rel}","templated":true}]}}