{"id":630,"date":"2016-04-12T19:03:19","date_gmt":"2016-04-12T19:03:19","guid":{"rendered":"http:\/\/marcosmesa.com\/?page_id=630"},"modified":"2016-10-19T16:33:40","modified_gmt":"2016-10-19T16:33:40","slug":"ilustracion","status":"publish","type":"page","link":"http:\/\/marcosmesa.com\/ca\/ilustracion\/","title":{"rendered":"Il\u00b7lustraci\u00f3"},"content":{"rendered":"<p><\/p>\n<div>\n<div id=\"attachment_637\" style=\"width: 468px\" class=\"wp-caption aligncenter\"><a href=\"http:\/\/marcosmesa.com\/wp-content\/uploads\/2016\/04\/ilustracion-libro.jpg\" rel=\"attachment wp-att-637\"><img aria-describedby=\"caption-attachment-637\" decoding=\"async\" loading=\"lazy\" class=\"wp-image-637\" src=\"http:\/\/marcosmesa.com\/wp-content\/uploads\/2016\/04\/ilustracion-libro.jpg\" alt=\"ilustracion libro\" width=\"458\" height=\"687\" \/><\/a><p id=\"caption-attachment-637\" class=\"wp-caption-text\">Ilustraci\u00f3n para la edici\u00f3n de la novela El extra\u00f1o Caso del Dr. Jekyll y Mr. Hyde<\/p><\/div>\n<p><a href=\"http:\/\/marcosmesa.com\/wp-content\/uploads\/2016\/04\/hyde.jpg\" rel=\"attachment wp-att-633\"><img decoding=\"async\" loading=\"lazy\" class=\"wp-image-633 aligncenter\" src=\"http:\/\/marcosmesa.com\/wp-content\/uploads\/2016\/04\/hyde.jpg\" alt=\"ILUST2B\" width=\"428\" height=\"535\" \/><\/a><\/p>\n<div id=\"attachment_638\" style=\"width: 518px\" class=\"wp-caption aligncenter\"><a href=\"http:\/\/marcosmesa.com\/wp-content\/uploads\/2016\/04\/IMG_1314.jpg\" rel=\"attachment wp-att-638\"><img aria-describedby=\"caption-attachment-638\" decoding=\"async\" loading=\"lazy\" class=\"wp-image-638 size-full\" src=\"http:\/\/marcosmesa.com\/wp-content\/uploads\/2016\/04\/IMG_1314.jpg\" alt=\"Ilustraci\u00f3n y producto\" width=\"508\" height=\"805\" srcset=\"http:\/\/marcosmesa.com\/wp-content\/uploads\/2016\/04\/IMG_1314.jpg 508w, http:\/\/marcosmesa.com\/wp-content\/uploads\/2016\/04\/IMG_1314-189x300.jpg 189w\" sizes=\"(max-width: 508px) 100vw, 508px\" \/><\/a><p id=\"caption-attachment-638\" class=\"wp-caption-text\">Ilustraciones para libro y pack<\/p><\/div>\n<div id=\"attachment_640\" style=\"width: 645px\" class=\"wp-caption aligncenter\"><a href=\"http:\/\/marcosmesa.com\/wp-content\/uploads\/2016\/04\/10452344_751825701597525_7825309818360547233_n.jpeg\" rel=\"attachment wp-att-640\"><img aria-describedby=\"caption-attachment-640\" decoding=\"async\" loading=\"lazy\" class=\"wp-image-640\" src=\"http:\/\/marcosmesa.com\/wp-content\/uploads\/2016\/04\/10452344_751825701597525_7825309818360547233_n.jpeg\" alt=\"10452344_751825701597525_7825309818360547233_n\" width=\"635\" height=\"563\" \/><\/a><p id=\"caption-attachment-640\" class=\"wp-caption-text\">Ilustraciones para el libro: Se ha decretado el invierno de Roberto Dom\u00ednguez &amp; Marcos Mesa<\/p><\/div>\n<p><a href=\"http:\/\/marcosmesa.com\/wp-content\/uploads\/2016\/04\/CIUDADw.jpg\" rel=\"attachment wp-att-639\"><img decoding=\"async\" loading=\"lazy\" class=\"wp-image-639 aligncenter\" src=\"http:\/\/marcosmesa.com\/wp-content\/uploads\/2016\/04\/CIUDADw.jpg\" alt=\"Ilustraci\u00f3n para libro Willkommen\" width=\"545\" height=\"548\" srcset=\"http:\/\/marcosmesa.com\/wp-content\/uploads\/2016\/04\/CIUDADw-150x150.jpg 150w, http:\/\/marcosmesa.com\/wp-content\/uploads\/2016\/04\/CIUDADw-220x220.jpg 220w\" sizes=\"(max-width: 545px) 100vw, 545px\" \/><\/a><\/p>\n<p><a href=\"http:\/\/marcosmesa.com\/wp-content\/uploads\/2016\/04\/robert.jpg\" rel=\"attachment wp-att-642\"><img decoding=\"async\" loading=\"lazy\" class=\"size-full wp-image-642 aligncenter\" src=\"http:\/\/marcosmesa.com\/wp-content\/uploads\/2016\/04\/robert.jpg\" alt=\"Prensa libro se ha decretado el invierno\" width=\"561\" height=\"900\" srcset=\"http:\/\/marcosmesa.com\/wp-content\/uploads\/2016\/04\/robert.jpg 561w, http:\/\/marcosmesa.com\/wp-content\/uploads\/2016\/04\/robert-187x300.jpg 187w\" sizes=\"(max-width: 561px) 100vw, 561px\" \/><\/a><\/p>\n<div style=\"width: 457px\" class=\"wp-caption aligncenter\"><a href=\"http:\/\/marcosmesa.com\/wp-content\/uploads\/2016\/04\/mimoss.jpg\" rel=\"attachment wp-att-632\"><img decoding=\"async\" loading=\"lazy\" class=\"wp-image-632\" src=\"http:\/\/marcosmesa.com\/wp-content\/uploads\/2016\/04\/mimoss.jpg\" alt=\"Mimosas\" width=\"447\" height=\"561\" \/><\/a><p class=\"wp-caption-text\">Ilustraci\u00f3n comercial para productos artesanales: Mimosas<\/p><\/div>\n<div><\/div>\n<\/div>\n<\/div>\n<p><\/p>","protected":false},"excerpt":{"rendered":"","protected":false},"author":1,"featured_media":0,"parent":0,"menu_order":0,"comment_status":"closed","ping_status":"closed","template":"","meta":[],"_links":{"self":[{"href":"http:\/\/marcosmesa.com\/ca\/wp-json\/wp\/v2\/pages\/630"}],"collection":[{"href":"http:\/\/marcosmesa.com\/ca\/wp-json\/wp\/v2\/pages"}],"about":[{"href":"http:\/\/marcosmesa.com\/ca\/wp-json\/wp\/v2\/types\/page"}],"author":[{"embeddable":true,"href":"http:\/\/marcosmesa.com\/ca\/wp-json\/wp\/v2\/users\/1"}],"replies":[{"embeddable":true,"href":"http:\/\/marcosmesa.com\/ca\/wp-json\/wp\/v2\/comments?post=630"}],"version-history":[{"count":10,"href":"http:\/\/marcosmesa.com\/ca\/wp-json\/wp\/v2\/pages\/630\/revisions"}],"predecessor-version":[{"id":838,"href":"http:\/\/marcosmesa.com\/ca\/wp-json\/wp\/v2\/pages\/630\/revisions\/838"}],"wp:attachment":[{"href":"http:\/\/marcosmesa.com\/ca\/wp-json\/wp\/v2\/media?parent=630"}],"curies":[{"name":"wp","href":"https:\/\/api.w.org\/{rel}","templated":true}]}}