{"id":292,"date":"2016-04-10T20:34:21","date_gmt":"2016-04-10T20:34:21","guid":{"rendered":"http:\/\/marcosmesa.com\/?page_id=292"},"modified":"2016-10-19T15:36:50","modified_gmt":"2016-10-19T15:36:50","slug":"exposicion-performance-burgos","status":"publish","type":"page","link":"http:\/\/marcosmesa.com\/es\/exposicion-performance-burgos\/","title":{"rendered":"Exposici\u00f3n-Performance Burgos"},"content":{"rendered":"<p>\u00bfPuede una casa convertirse en una sala de exposiciones? Este evento hizo posible combinar el espacio particular de una vivienda con varias intervenciones art\u00edsticas, exposiciones y una cata gastron\u00f3mica.<\/p>\n<p>Un\u00a0ambiente distendido es un ingrediente perfecto para disfrutar del arte de una manera diferente; una velada art\u00edstica para los cinco sentidos, con la presencia del maridaje y los diversos sabores del vino y la gastronom\u00eda, acompa\u00f1ada de v\u00eddeos creativos y una performance.<\/p>\n<p><a href=\"http:\/\/marcosmesa.com\/wp-content\/uploads\/2016\/04\/cata7.jpg\" rel=\"attachment wp-att-302\"><img decoding=\"async\" loading=\"lazy\" class=\"alignnone wp-image-302\" src=\"http:\/\/marcosmesa.com\/wp-content\/uploads\/2016\/04\/cata7.jpg\" alt=\"Exposici\u00f3n art\u00edstica con Cata de Vinos\" width=\"604\" height=\"553\" srcset=\"http:\/\/marcosmesa.com\/wp-content\/uploads\/2016\/04\/cata7.jpg 900w, http:\/\/marcosmesa.com\/wp-content\/uploads\/2016\/04\/cata7-300x275.jpg 300w, http:\/\/marcosmesa.com\/wp-content\/uploads\/2016\/04\/cata7-768x704.jpg 768w\" sizes=\"(max-width: 604px) 100vw, 604px\" \/><\/a><\/p>\n<p>&nbsp;<\/p>\n<p><div id=\"attachment_296\" style=\"width: 615px\" class=\"wp-caption alignnone\"><a href=\"http:\/\/marcosmesa.com\/wp-content\/uploads\/2016\/04\/cata_b.jpg\" rel=\"attachment wp-att-296\"><img aria-describedby=\"caption-attachment-296\" decoding=\"async\" loading=\"lazy\" class=\"wp-image-296\" src=\"http:\/\/marcosmesa.com\/wp-content\/uploads\/2016\/04\/cata_b.jpg\" alt=\"Exposici\u00f3n art\u00edstica con Cata de Vinos\" width=\"605\" height=\"384\" \/><\/a><p id=\"caption-attachment-296\" class=\"wp-caption-text\">Una de las exposiciones en el espacio de la vivienda.<\/p><\/div><\/p>","protected":false},"excerpt":{"rendered":"<p>\u00bfPuede una casa convertirse en una sala de exposiciones? Este evento hizo posible combinar el espacio particular de una vivienda con varias intervenciones art\u00edsticas, exposiciones y una cata gastron\u00f3mica. Un\u00a0ambiente distendido es un ingrediente perfecto para disfrutar del arte de una manera diferente; una velada art\u00edstica para los cinco sentidos, con la presencia del maridaje [&hellip;]<\/p>\n","protected":false},"author":1,"featured_media":299,"parent":0,"menu_order":0,"comment_status":"closed","ping_status":"closed","template":"","meta":[],"_links":{"self":[{"href":"http:\/\/marcosmesa.com\/es\/wp-json\/wp\/v2\/pages\/292"}],"collection":[{"href":"http:\/\/marcosmesa.com\/es\/wp-json\/wp\/v2\/pages"}],"about":[{"href":"http:\/\/marcosmesa.com\/es\/wp-json\/wp\/v2\/types\/page"}],"author":[{"embeddable":true,"href":"http:\/\/marcosmesa.com\/es\/wp-json\/wp\/v2\/users\/1"}],"replies":[{"embeddable":true,"href":"http:\/\/marcosmesa.com\/es\/wp-json\/wp\/v2\/comments?post=292"}],"version-history":[{"count":6,"href":"http:\/\/marcosmesa.com\/es\/wp-json\/wp\/v2\/pages\/292\/revisions"}],"predecessor-version":[{"id":816,"href":"http:\/\/marcosmesa.com\/es\/wp-json\/wp\/v2\/pages\/292\/revisions\/816"}],"wp:featuredmedia":[{"embeddable":true,"href":"http:\/\/marcosmesa.com\/es\/wp-json\/wp\/v2\/media\/299"}],"wp:attachment":[{"href":"http:\/\/marcosmesa.com\/es\/wp-json\/wp\/v2\/media?parent=292"}],"curies":[{"name":"wp","href":"https:\/\/api.w.org\/{rel}","templated":true}]}}