{"id":327,"date":"2016-04-11T14:29:23","date_gmt":"2016-04-11T14:29:23","guid":{"rendered":"http:\/\/marcosmesa.com\/?page_id=327"},"modified":"2016-10-19T15:35:26","modified_gmt":"2016-10-19T15:35:26","slug":"exposicion-performance-burgos-2","status":"publish","type":"page","link":"http:\/\/marcosmesa.com\/es\/exposicion-performance-burgos-2\/","title":{"rendered":"Exposici\u00f3n-Cata de vino en Granada"},"content":{"rendered":"<p>Evento art\u00edstico en fiesta privada en la ciudad de Granada. Fue un\u00a0proyecto para convertir espacios de viviendas en\u00a0galer\u00edas y\u00a0eventos como performances, recitales, y catas\u00a0gastron\u00f3micas. En este caso la velada cont\u00f3 con la exposici\u00f3n de dos artistas, v\u00eddeos creativos de un blog gastron\u00f3mico, una cata gastron\u00f3mica\u00a0y\u00a0una performance.<\/p>\n<p><a href=\"http:\/\/marcosmesa.com\/wp-content\/uploads\/2016\/04\/casa_granada2.jpg\" rel=\"attachment wp-att-329\"><img decoding=\"async\" loading=\"lazy\" class=\"alignnone wp-image-329\" src=\"http:\/\/marcosmesa.com\/wp-content\/uploads\/2016\/04\/casa_granada2.jpg\" alt=\"Exposici\u00f3n-Cata de vino Granada\" width=\"739\" height=\"448\" \/><\/a><\/p>\n<p><a href=\"http:\/\/marcosmesa.com\/wp-content\/uploads\/2016\/04\/gra0.jpg\" rel=\"attachment wp-att-336\"><img decoding=\"async\" loading=\"lazy\" class=\"alignnone wp-image-336\" src=\"http:\/\/marcosmesa.com\/wp-content\/uploads\/2016\/04\/gra0.jpg\" alt=\"Exposici\u00f3n-Cata de vino Granada\" width=\"699\" height=\"744\" srcset=\"http:\/\/marcosmesa.com\/wp-content\/uploads\/2016\/04\/gra0.jpg 900w, http:\/\/marcosmesa.com\/wp-content\/uploads\/2016\/04\/gra0-282x300.jpg 282w, http:\/\/marcosmesa.com\/wp-content\/uploads\/2016\/04\/gra0-768x817.jpg 768w\" sizes=\"(max-width: 699px) 100vw, 699px\" \/><\/a><\/p>\n<p><a href=\"http:\/\/marcosmesa.com\/wp-content\/uploads\/2016\/04\/gra4.jpg\" rel=\"attachment wp-att-333\"><img decoding=\"async\" loading=\"lazy\" class=\"alignnone wp-image-333\" src=\"http:\/\/marcosmesa.com\/wp-content\/uploads\/2016\/04\/gra4.jpg\" alt=\"Exposici\u00f3n-Cata de vino Granada\" width=\"699\" height=\"470\" \/><\/a><\/p>\n<p><a href=\"http:\/\/marcosmesa.com\/wp-content\/uploads\/2016\/04\/GRA5.jpg\" rel=\"attachment wp-att-332\"><img decoding=\"async\" loading=\"lazy\" class=\"alignnone size-full wp-image-332\" src=\"http:\/\/marcosmesa.com\/wp-content\/uploads\/2016\/04\/GRA5.jpg\" alt=\"Exposici\u00f3n-Cata de vino Granada\" width=\"700\" height=\"467\" srcset=\"http:\/\/marcosmesa.com\/wp-content\/uploads\/2016\/04\/GRA5.jpg 700w, http:\/\/marcosmesa.com\/wp-content\/uploads\/2016\/04\/GRA5-300x200.jpg 300w\" sizes=\"(max-width: 700px) 100vw, 700px\" \/><\/a><\/p>\n<p><a href=\"http:\/\/marcosmesa.com\/wp-content\/uploads\/2016\/04\/GRA6.jpg\" rel=\"attachment wp-att-331\"><img decoding=\"async\" loading=\"lazy\" class=\"alignnone wp-image-331\" src=\"http:\/\/marcosmesa.com\/wp-content\/uploads\/2016\/04\/GRA6.jpg\" alt=\"Exposici\u00f3n-Cata de vino Granada\" width=\"698\" height=\"439\" \/><\/a><\/p>\n<p><a href=\"http:\/\/marcosmesa.com\/wp-content\/uploads\/2016\/04\/gra2.jpg\" rel=\"attachment wp-att-330\"><img decoding=\"async\" loading=\"lazy\" class=\"alignnone size-full wp-image-330\" src=\"http:\/\/marcosmesa.com\/wp-content\/uploads\/2016\/04\/gra2.jpg\" alt=\"Exposici\u00f3n-Cata de vino Granada\" width=\"600\" height=\"900\" srcset=\"http:\/\/marcosmesa.com\/wp-content\/uploads\/2016\/04\/gra2.jpg 600w, http:\/\/marcosmesa.com\/wp-content\/uploads\/2016\/04\/gra2-200x300.jpg 200w\" sizes=\"(max-width: 600px) 100vw, 600px\" \/><\/a><\/p>\n<p>&nbsp;<\/p>\n<p>&nbsp;<\/p>\n<p>&nbsp;<\/p>","protected":false},"excerpt":{"rendered":"<p>Evento art\u00edstico en fiesta privada en la ciudad de Granada. Fue un\u00a0proyecto para convertir espacios de viviendas en\u00a0galer\u00edas y\u00a0eventos como performances, recitales, y catas\u00a0gastron\u00f3micas. En este caso la velada cont\u00f3 con la exposici\u00f3n de dos artistas, v\u00eddeos creativos de un blog gastron\u00f3mico, una cata gastron\u00f3mica\u00a0y\u00a0una performance. &nbsp; &nbsp; &nbsp;<\/p>\n","protected":false},"author":1,"featured_media":328,"parent":0,"menu_order":0,"comment_status":"closed","ping_status":"closed","template":"","meta":[],"_links":{"self":[{"href":"http:\/\/marcosmesa.com\/es\/wp-json\/wp\/v2\/pages\/327"}],"collection":[{"href":"http:\/\/marcosmesa.com\/es\/wp-json\/wp\/v2\/pages"}],"about":[{"href":"http:\/\/marcosmesa.com\/es\/wp-json\/wp\/v2\/types\/page"}],"author":[{"embeddable":true,"href":"http:\/\/marcosmesa.com\/es\/wp-json\/wp\/v2\/users\/1"}],"replies":[{"embeddable":true,"href":"http:\/\/marcosmesa.com\/es\/wp-json\/wp\/v2\/comments?post=327"}],"version-history":[{"count":6,"href":"http:\/\/marcosmesa.com\/es\/wp-json\/wp\/v2\/pages\/327\/revisions"}],"predecessor-version":[{"id":815,"href":"http:\/\/marcosmesa.com\/es\/wp-json\/wp\/v2\/pages\/327\/revisions\/815"}],"wp:featuredmedia":[{"embeddable":true,"href":"http:\/\/marcosmesa.com\/es\/wp-json\/wp\/v2\/media\/328"}],"wp:attachment":[{"href":"http:\/\/marcosmesa.com\/es\/wp-json\/wp\/v2\/media?parent=327"}],"curies":[{"name":"wp","href":"https:\/\/api.w.org\/{rel}","templated":true}]}}