{"id":554,"date":"2016-04-12T16:46:07","date_gmt":"2016-04-12T16:46:07","guid":{"rendered":"http:\/\/marcosmesa.com\/?page_id=554"},"modified":"2016-10-19T15:43:47","modified_gmt":"2016-10-19T15:43:47","slug":"lonas-que-hablan","status":"publish","type":"page","link":"http:\/\/marcosmesa.com\/es\/lonas-que-hablan\/","title":{"rendered":"Lonas que hablan"},"content":{"rendered":"<p>La primera pieza de este experimento la constituyen una serie de fotograf\u00edas encontradas en la monta\u00f1a entre unos matojos cuyas im\u00e1genes han sido desgastadas por el agua y la acci\u00f3n de los elementos. Las im\u00e1genes resultantes son una serie de abstracciones de diversas tonalidades que evocan paisajes o territorios vistos desde el cielo.<\/p>\n<p>Se trata de un proyecto pict\u00f3rico a\u00fan en proceso, resultante de b\u00fasqueda en el entorno de objetos para configurar composiciones pl\u00e1sticas. Se trata de una serie de lonas adaptadas a lienzo que conforman una serie de paisajes por medio del acotamiento de su margen y composici\u00f3n. Este tipo de superficies que revelan la erosi\u00f3n y el paso de tiempo han sido encontradas en diversos lugares y circunstancias.<\/p>\n<div id=\"attachment_556\" style=\"width: 354px\" class=\"wp-caption aligncenter\"><a href=\"http:\/\/marcosmesa.com\/wp-content\/uploads\/2016\/04\/fotograf\u00edas-entornos.jpg\" rel=\"attachment wp-att-556\"><img aria-describedby=\"caption-attachment-556\" decoding=\"async\" loading=\"lazy\" class=\"wp-image-556\" src=\"http:\/\/marcosmesa.com\/wp-content\/uploads\/2016\/04\/fotograf\u00edas-entornos.jpg\" alt=\"fotograf\u00edas entornos\" width=\"344\" height=\"548\" \/><\/a><p id=\"caption-attachment-556\" class=\"wp-caption-text\">Fotograf\u00edas en color encontradas &#8211; Girona<\/p><\/div>\n<p>&nbsp;<\/p>\n<div id=\"attachment_565\" style=\"width: 443px\" class=\"wp-caption aligncenter\"><a href=\"http:\/\/marcosmesa.com\/wp-content\/uploads\/2016\/04\/lona-quemada.jpg\" rel=\"attachment wp-att-565\"><img aria-describedby=\"caption-attachment-565\" decoding=\"async\" loading=\"lazy\" class=\"wp-image-565 size-full\" src=\"http:\/\/marcosmesa.com\/wp-content\/uploads\/2016\/04\/lona-quemada.jpg\" alt=\"lona quemada\" width=\"433\" height=\"550\" srcset=\"http:\/\/marcosmesa.com\/wp-content\/uploads\/2016\/04\/lona-quemada.jpg 433w, http:\/\/marcosmesa.com\/wp-content\/uploads\/2016\/04\/lona-quemada-236x300.jpg 236w\" sizes=\"(max-width: 433px) 100vw, 433px\" \/><\/a><p id=\"caption-attachment-565\" class=\"wp-caption-text\">Lona de una roulotte abandonada y quemada en un pajar. Girona<\/p><\/div>\n<p>&nbsp;<\/p>\n<div id=\"attachment_557\" style=\"width: 497px\" class=\"wp-caption aligncenter\"><a href=\"http:\/\/marcosmesa.com\/wp-content\/uploads\/2016\/04\/lona-amarilla.jpg\" rel=\"attachment wp-att-557\"><img aria-describedby=\"caption-attachment-557\" decoding=\"async\" loading=\"lazy\" class=\"wp-image-557 size-full\" src=\"http:\/\/marcosmesa.com\/wp-content\/uploads\/2016\/04\/lona-amarilla.jpg\" alt=\"lona amarilla\" width=\"487\" height=\"700\" srcset=\"http:\/\/marcosmesa.com\/wp-content\/uploads\/2016\/04\/lona-amarilla.jpg 487w, http:\/\/marcosmesa.com\/wp-content\/uploads\/2016\/04\/lona-amarilla-209x300.jpg 209w\" sizes=\"(max-width: 487px) 100vw, 487px\" \/><\/a><p id=\"caption-attachment-557\" class=\"wp-caption-text\">Lona amarilla. Burgos<\/p><\/div>\n<p>&nbsp;<\/p>\n<div id=\"attachment_563\" style=\"width: 610px\" class=\"wp-caption aligncenter\"><a href=\"http:\/\/marcosmesa.com\/wp-content\/uploads\/2016\/04\/lona-con-n\u00fameros.jpg\" rel=\"attachment wp-att-563\"><img aria-describedby=\"caption-attachment-563\" decoding=\"async\" loading=\"lazy\" class=\"wp-image-563 size-full\" src=\"http:\/\/marcosmesa.com\/wp-content\/uploads\/2016\/04\/lona-con-n\u00fameros.jpg\" alt=\"lona con n\u00fameros\" width=\"600\" height=\"567\" srcset=\"http:\/\/marcosmesa.com\/wp-content\/uploads\/2016\/04\/lona-con-n\u00fameros.jpg 600w, http:\/\/marcosmesa.com\/wp-content\/uploads\/2016\/04\/lona-con-n\u00fameros-300x284.jpg 300w\" sizes=\"(max-width: 600px) 100vw, 600px\" \/><\/a><p id=\"caption-attachment-563\" class=\"wp-caption-text\">Lona de cami\u00f3n. Burgos<\/p><\/div>\n<p>&nbsp;<\/p>\n<div id=\"attachment_566\" style=\"width: 610px\" class=\"wp-caption aligncenter\"><a href=\"http:\/\/marcosmesa.com\/wp-content\/uploads\/2016\/04\/tres-birrete.jpg\" rel=\"attachment wp-att-566\"><img aria-describedby=\"caption-attachment-566\" decoding=\"async\" loading=\"lazy\" class=\"wp-image-566 size-full\" src=\"http:\/\/marcosmesa.com\/wp-content\/uploads\/2016\/04\/tres-birrete.jpg\" alt=\"tres birretes\" width=\"600\" height=\"435\" srcset=\"http:\/\/marcosmesa.com\/wp-content\/uploads\/2016\/04\/tres-birrete.jpg 600w, http:\/\/marcosmesa.com\/wp-content\/uploads\/2016\/04\/tres-birrete-300x218.jpg 300w\" sizes=\"(max-width: 600px) 100vw, 600px\" \/><\/a><p id=\"caption-attachment-566\" class=\"wp-caption-text\">Lona con birretes. Barcelona<\/p><\/div>\n<p>&nbsp;<\/p>\n<div id=\"attachment_564\" style=\"width: 577px\" class=\"wp-caption aligncenter\"><a href=\"http:\/\/marcosmesa.com\/wp-content\/uploads\/2016\/04\/lona-intervenida.jpg\" rel=\"attachment wp-att-564\"><img aria-describedby=\"caption-attachment-564\" decoding=\"async\" loading=\"lazy\" class=\"wp-image-564 size-full\" src=\"http:\/\/marcosmesa.com\/wp-content\/uploads\/2016\/04\/lona-intervenida.jpg\" alt=\"lona intervenida\" width=\"567\" height=\"550\" srcset=\"http:\/\/marcosmesa.com\/wp-content\/uploads\/2016\/04\/lona-intervenida.jpg 567w, http:\/\/marcosmesa.com\/wp-content\/uploads\/2016\/04\/lona-intervenida-300x291.jpg 300w\" sizes=\"(max-width: 567px) 100vw, 567px\" \/><\/a><p id=\"caption-attachment-564\" class=\"wp-caption-text\">Lona intervenida con composici\u00f3n pict\u00f3rica<\/p><\/div>\n<p>&nbsp;<\/p>\n<p>&nbsp;<\/p>","protected":false},"excerpt":{"rendered":"<p>La primera pieza de este experimento la constituyen una serie de fotograf\u00edas encontradas en la monta\u00f1a entre unos matojos cuyas im\u00e1genes han sido desgastadas por el agua y la acci\u00f3n de los elementos. Las im\u00e1genes resultantes son una serie de abstracciones de diversas tonalidades que evocan paisajes o territorios vistos desde el cielo. Se trata [&hellip;]<\/p>\n","protected":false},"author":1,"featured_media":555,"parent":0,"menu_order":0,"comment_status":"closed","ping_status":"closed","template":"","meta":[],"_links":{"self":[{"href":"http:\/\/marcosmesa.com\/es\/wp-json\/wp\/v2\/pages\/554"}],"collection":[{"href":"http:\/\/marcosmesa.com\/es\/wp-json\/wp\/v2\/pages"}],"about":[{"href":"http:\/\/marcosmesa.com\/es\/wp-json\/wp\/v2\/types\/page"}],"author":[{"embeddable":true,"href":"http:\/\/marcosmesa.com\/es\/wp-json\/wp\/v2\/users\/1"}],"replies":[{"embeddable":true,"href":"http:\/\/marcosmesa.com\/es\/wp-json\/wp\/v2\/comments?post=554"}],"version-history":[{"count":4,"href":"http:\/\/marcosmesa.com\/es\/wp-json\/wp\/v2\/pages\/554\/revisions"}],"predecessor-version":[{"id":819,"href":"http:\/\/marcosmesa.com\/es\/wp-json\/wp\/v2\/pages\/554\/revisions\/819"}],"wp:featuredmedia":[{"embeddable":true,"href":"http:\/\/marcosmesa.com\/es\/wp-json\/wp\/v2\/media\/555"}],"wp:attachment":[{"href":"http:\/\/marcosmesa.com\/es\/wp-json\/wp\/v2\/media?parent=554"}],"curies":[{"name":"wp","href":"https:\/\/api.w.org\/{rel}","templated":true}]}}