{"id":615,"date":"2016-04-12T18:14:55","date_gmt":"2016-04-12T18:14:55","guid":{"rendered":"http:\/\/marcosmesa.com\/?page_id=615"},"modified":"2016-04-21T20:45:36","modified_gmt":"2016-04-21T20:45:36","slug":"proyecto-recorridos-geograficos","status":"publish","type":"page","link":"http:\/\/marcosmesa.com\/es\/proyecto-recorridos-geograficos\/","title":{"rendered":"Proyecto recorridos geogr\u00e1ficos"},"content":{"rendered":"<p>Proyecto realizado\u00a0para presentar en la\u00a0Facultad de BBAA de la Universidad Complutense de Madrid (curso 2008). Documentaci\u00f3n de las velocidades y tiempo de recorrido en los entornos. \u00a0Fragmentos de paisaje o del entorno en interacci\u00f3n con el artista sufren un desplazamiento cada vez mayor y son tra\u00eddos hasta la sala de exposiciones. A trav\u00e9s del objeto art\u00edstico y el documento la obra de arte se convierte en el recorrido en s\u00ed.<\/p>\n<div id=\"attachment_617\" style=\"width: 655px\" class=\"wp-caption alignnone\"><a href=\"http:\/\/marcosmesa.com\/wp-content\/uploads\/2016\/04\/r2.jpg\" rel=\"attachment wp-att-617\"><img aria-describedby=\"caption-attachment-617\" decoding=\"async\" loading=\"lazy\" class=\"wp-image-617\" src=\"http:\/\/marcosmesa.com\/wp-content\/uploads\/2016\/04\/r2.jpg\" alt=\"Recorrido 1\" width=\"645\" height=\"642\" srcset=\"http:\/\/marcosmesa.com\/wp-content\/uploads\/2016\/04\/r2.jpg 800w, http:\/\/marcosmesa.com\/wp-content\/uploads\/2016\/04\/r2-150x150.jpg 150w, http:\/\/marcosmesa.com\/wp-content\/uploads\/2016\/04\/r2-300x300.jpg 300w, http:\/\/marcosmesa.com\/wp-content\/uploads\/2016\/04\/r2-768x766.jpg 768w, http:\/\/marcosmesa.com\/wp-content\/uploads\/2016\/04\/r2-220x220.jpg 220w\" sizes=\"(max-width: 645px) 100vw, 645px\" \/><\/a><p id=\"caption-attachment-617\" class=\"wp-caption-text\">Recorrido de unas unidades de madera por varias acequias del Empord\u00e0<\/p><\/div>\n<p>&nbsp;<\/p>\n<div id=\"attachment_618\" style=\"width: 658px\" class=\"wp-caption alignnone\"><a href=\"http:\/\/marcosmesa.com\/wp-content\/uploads\/2016\/04\/r3.jpg\" rel=\"attachment wp-att-618\"><img aria-describedby=\"caption-attachment-618\" decoding=\"async\" loading=\"lazy\" class=\"wp-image-618\" src=\"http:\/\/marcosmesa.com\/wp-content\/uploads\/2016\/04\/r3.jpg\" alt=\"Recorrido 2\" width=\"648\" height=\"646\" srcset=\"http:\/\/marcosmesa.com\/wp-content\/uploads\/2016\/04\/r3.jpg 800w, http:\/\/marcosmesa.com\/wp-content\/uploads\/2016\/04\/r3-150x150.jpg 150w, http:\/\/marcosmesa.com\/wp-content\/uploads\/2016\/04\/r3-300x300.jpg 300w, http:\/\/marcosmesa.com\/wp-content\/uploads\/2016\/04\/r3-768x766.jpg 768w, http:\/\/marcosmesa.com\/wp-content\/uploads\/2016\/04\/r3-220x220.jpg 220w, http:\/\/marcosmesa.com\/wp-content\/uploads\/2016\/04\/r3-450x450.jpg 450w\" sizes=\"(max-width: 648px) 100vw, 648px\" \/><\/a><p id=\"caption-attachment-618\" class=\"wp-caption-text\">Fragmento de r\u00edo es desplazado del norte de Catalu\u00f1a a Madrid hasta la sala de exposiciones de la Universidad y devuelto a su lugar.<\/p><\/div>\n<p><a href=\"http:\/\/marcosmesa.com\/wp-content\/uploads\/2016\/04\/r4.jpg\" rel=\"attachment wp-att-619\"><br \/>\n<\/a> <a href=\"http:\/\/marcosmesa.com\/wp-content\/uploads\/2016\/04\/r5.jpg\" rel=\"attachment wp-att-620\"><img decoding=\"async\" loading=\"lazy\" class=\"alignnone wp-image-620\" src=\"http:\/\/marcosmesa.com\/wp-content\/uploads\/2016\/04\/r5.jpg\" alt=\"r5\" width=\"646\" height=\"644\" srcset=\"http:\/\/marcosmesa.com\/wp-content\/uploads\/2016\/04\/r5.jpg 800w, http:\/\/marcosmesa.com\/wp-content\/uploads\/2016\/04\/r5-150x150.jpg 150w, http:\/\/marcosmesa.com\/wp-content\/uploads\/2016\/04\/r5-300x300.jpg 300w, http:\/\/marcosmesa.com\/wp-content\/uploads\/2016\/04\/r5-768x766.jpg 768w, http:\/\/marcosmesa.com\/wp-content\/uploads\/2016\/04\/r5-220x220.jpg 220w, http:\/\/marcosmesa.com\/wp-content\/uploads\/2016\/04\/r5-450x450.jpg 450w\" sizes=\"(max-width: 646px) 100vw, 646px\" \/><\/a> <a href=\"http:\/\/marcosmesa.com\/wp-content\/uploads\/2016\/04\/r7.jpg\" rel=\"attachment wp-att-621\"><img decoding=\"async\" loading=\"lazy\" class=\"alignnone wp-image-621\" src=\"http:\/\/marcosmesa.com\/wp-content\/uploads\/2016\/04\/r7.jpg\" alt=\"r7\" width=\"648\" height=\"394\" srcset=\"http:\/\/marcosmesa.com\/wp-content\/uploads\/2016\/04\/r7.jpg 821w, http:\/\/marcosmesa.com\/wp-content\/uploads\/2016\/04\/r7-300x182.jpg 300w, http:\/\/marcosmesa.com\/wp-content\/uploads\/2016\/04\/r7-768x467.jpg 768w\" sizes=\"(max-width: 648px) 100vw, 648px\" \/><\/a><\/p>\n<p>&nbsp;<\/p>\n<p><a href=\"http:\/\/marcosmesa.com\/wp-content\/uploads\/2016\/04\/r4.jpg\" rel=\"attachment wp-att-619\"><img decoding=\"async\" loading=\"lazy\" class=\" wp-image-619 alignleft\" src=\"http:\/\/marcosmesa.com\/wp-content\/uploads\/2016\/04\/r4.jpg\" alt=\"r4\" width=\"646\" height=\"569\" srcset=\"http:\/\/marcosmesa.com\/wp-content\/uploads\/2016\/04\/r4.jpg 700w, http:\/\/marcosmesa.com\/wp-content\/uploads\/2016\/04\/r4-300x264.jpg 300w\" sizes=\"(max-width: 646px) 100vw, 646px\" \/><\/a><\/p>\n<p>&nbsp;<\/p>\n<p>&nbsp;<\/p>\n<div id=\"attachment_616\" style=\"width: 658px\" class=\"wp-caption alignnone\"><a href=\"http:\/\/marcosmesa.com\/wp-content\/uploads\/2016\/04\/r1.jpg\" rel=\"attachment wp-att-616\"><img aria-describedby=\"caption-attachment-616\" decoding=\"async\" loading=\"lazy\" class=\"wp-image-616\" src=\"http:\/\/marcosmesa.com\/wp-content\/uploads\/2016\/04\/r1.jpg\" alt=\"Recorrido 3\" width=\"648\" height=\"647\" srcset=\"http:\/\/marcosmesa.com\/wp-content\/uploads\/2016\/04\/r1.jpg 800w, http:\/\/marcosmesa.com\/wp-content\/uploads\/2016\/04\/r1-150x150.jpg 150w, http:\/\/marcosmesa.com\/wp-content\/uploads\/2016\/04\/r1-300x300.jpg 300w, http:\/\/marcosmesa.com\/wp-content\/uploads\/2016\/04\/r1-768x766.jpg 768w, http:\/\/marcosmesa.com\/wp-content\/uploads\/2016\/04\/r1-220x220.jpg 220w, http:\/\/marcosmesa.com\/wp-content\/uploads\/2016\/04\/r1-450x450.jpg 450w\" sizes=\"(max-width: 648px) 100vw, 648px\" \/><\/a><p id=\"caption-attachment-616\" class=\"wp-caption-text\">Desplazamiento de fragmento del entorno utilizando el transporte p\u00fablico y privado<\/p><\/div>\n<p><a href=\"http:\/\/marcosmesa.com\/wp-content\/uploads\/2016\/04\/r8.jpg\" rel=\"attachment wp-att-622\"><img decoding=\"async\" loading=\"lazy\" class=\"alignnone wp-image-622\" src=\"http:\/\/marcosmesa.com\/wp-content\/uploads\/2016\/04\/r8.jpg\" alt=\"r8\" width=\"650\" height=\"648\" srcset=\"http:\/\/marcosmesa.com\/wp-content\/uploads\/2016\/04\/r8.jpg 800w, http:\/\/marcosmesa.com\/wp-content\/uploads\/2016\/04\/r8-150x150.jpg 150w, http:\/\/marcosmesa.com\/wp-content\/uploads\/2016\/04\/r8-300x300.jpg 300w, http:\/\/marcosmesa.com\/wp-content\/uploads\/2016\/04\/r8-768x766.jpg 768w, http:\/\/marcosmesa.com\/wp-content\/uploads\/2016\/04\/r8-220x220.jpg 220w, http:\/\/marcosmesa.com\/wp-content\/uploads\/2016\/04\/r8-450x450.jpg 450w\" sizes=\"(max-width: 650px) 100vw, 650px\" \/><\/a><\/p>\n<p><a href=\"http:\/\/marcosmesa.com\/wp-content\/uploads\/2016\/04\/r9.jpg\" rel=\"attachment wp-att-623\"><img decoding=\"async\" loading=\"lazy\" class=\"alignnone wp-image-623\" src=\"http:\/\/marcosmesa.com\/wp-content\/uploads\/2016\/04\/r9.jpg\" alt=\"r9\" width=\"648\" height=\"646\" srcset=\"http:\/\/marcosmesa.com\/wp-content\/uploads\/2016\/04\/r9.jpg 800w, http:\/\/marcosmesa.com\/wp-content\/uploads\/2016\/04\/r9-150x150.jpg 150w, http:\/\/marcosmesa.com\/wp-content\/uploads\/2016\/04\/r9-300x300.jpg 300w, http:\/\/marcosmesa.com\/wp-content\/uploads\/2016\/04\/r9-768x766.jpg 768w, http:\/\/marcosmesa.com\/wp-content\/uploads\/2016\/04\/r9-220x220.jpg 220w, http:\/\/marcosmesa.com\/wp-content\/uploads\/2016\/04\/r9-450x450.jpg 450w\" sizes=\"(max-width: 648px) 100vw, 648px\" \/><\/a><\/p>\n<p>&nbsp;<\/p>\n","protected":false},"excerpt":{"rendered":"<p>Proyecto realizado\u00a0para presentar en la\u00a0Facultad de BBAA de la Universidad Complutense de Madrid (curso 2008). Documentaci\u00f3n de las velocidades y tiempo de recorrido en los entornos. \u00a0Fragmentos de paisaje o del entorno en interacci\u00f3n con el artista sufren un desplazamiento cada vez mayor y son tra\u00eddos hasta la sala de exposiciones. A trav\u00e9s del objeto [&hellip;]<\/p>\n","protected":false},"author":1,"featured_media":624,"parent":0,"menu_order":0,"comment_status":"closed","ping_status":"closed","template":"","meta":[],"_links":{"self":[{"href":"http:\/\/marcosmesa.com\/es\/wp-json\/wp\/v2\/pages\/615"}],"collection":[{"href":"http:\/\/marcosmesa.com\/es\/wp-json\/wp\/v2\/pages"}],"about":[{"href":"http:\/\/marcosmesa.com\/es\/wp-json\/wp\/v2\/types\/page"}],"author":[{"embeddable":true,"href":"http:\/\/marcosmesa.com\/es\/wp-json\/wp\/v2\/users\/1"}],"replies":[{"embeddable":true,"href":"http:\/\/marcosmesa.com\/es\/wp-json\/wp\/v2\/comments?post=615"}],"version-history":[{"count":6,"href":"http:\/\/marcosmesa.com\/es\/wp-json\/wp\/v2\/pages\/615\/revisions"}],"predecessor-version":[{"id":738,"href":"http:\/\/marcosmesa.com\/es\/wp-json\/wp\/v2\/pages\/615\/revisions\/738"}],"wp:featuredmedia":[{"embeddable":true,"href":"http:\/\/marcosmesa.com\/es\/wp-json\/wp\/v2\/media\/624"}],"wp:attachment":[{"href":"http:\/\/marcosmesa.com\/es\/wp-json\/wp\/v2\/media?parent=615"}],"curies":[{"name":"wp","href":"https:\/\/api.w.org\/{rel}","templated":true}]}}