{"id":652,"date":"2016-04-13T15:03:08","date_gmt":"2016-04-13T15:03:08","guid":{"rendered":"http:\/\/marcosmesa.com\/?page_id=652"},"modified":"2016-10-19T16:26:41","modified_gmt":"2016-10-19T16:26:41","slug":"sons-de-cabiella","status":"publish","type":"page","link":"http:\/\/marcosmesa.com\/es\/sons-de-cabiella\/","title":{"rendered":"Sons de Cabiella"},"content":{"rendered":"<p>Trabajo de ilustraci\u00f3n, fotograf\u00eda y dise\u00f1o de disco del grupo musical Sons de Cabiella.<\/p>\n<p><a href=\"http:\/\/marcosmesa.com\/wp-content\/uploads\/2016\/04\/portax.jpg\" rel=\"attachment wp-att-668\"><img decoding=\"async\" loading=\"lazy\" class=\"alignnone wp-image-668\" src=\"http:\/\/marcosmesa.com\/wp-content\/uploads\/2016\/04\/portax.jpg\" alt=\"portada disco Cabiella\" width=\"531\" height=\"562\" \/><\/a><\/p>\n<p><a href=\"http:\/\/marcosmesa.com\/wp-content\/uploads\/2016\/04\/son1.jpg\" rel=\"attachment wp-att-655\"><img decoding=\"async\" loading=\"lazy\" class=\"alignnone wp-image-655\" src=\"http:\/\/marcosmesa.com\/wp-content\/uploads\/2016\/04\/son1.jpg\" alt=\"disco f\u00edsico\" width=\"534\" height=\"323\" \/><\/a><\/p>\n<div id=\"attachment_654\" style=\"width: 541px\" class=\"wp-caption alignnone\"><a href=\"http:\/\/marcosmesa.com\/wp-content\/uploads\/2016\/04\/cabiella_2.jpg\" rel=\"attachment wp-att-654\"><img aria-describedby=\"caption-attachment-654\" decoding=\"async\" loading=\"lazy\" class=\"wp-image-654\" src=\"http:\/\/marcosmesa.com\/wp-content\/uploads\/2016\/04\/cabiella_2.jpg\" alt=\"Inlay disco\" width=\"531\" height=\"481\" \/><\/a><p id=\"caption-attachment-654\" class=\"wp-caption-text\">Inlay<\/p><\/div>\n<div id=\"attachment_656\" style=\"width: 541px\" class=\"wp-caption alignnone\"><a href=\"http:\/\/marcosmesa.com\/wp-content\/uploads\/2016\/04\/son2.jpg\" rel=\"attachment wp-att-656\"><img aria-describedby=\"caption-attachment-656\" decoding=\"async\" loading=\"lazy\" class=\"wp-image-656\" src=\"http:\/\/marcosmesa.com\/wp-content\/uploads\/2016\/04\/son2.jpg\" alt=\"Digipack Sons de Cabiella\" width=\"531\" height=\"388\" \/><\/a><p id=\"caption-attachment-656\" class=\"wp-caption-text\">Digipack Sons de Cabiella<\/p><\/div>\n<p>&nbsp;<\/p>\n<p><div id=\"attachment_666\" style=\"width: 550px\" class=\"wp-caption alignnone\"><a href=\"http:\/\/marcosmesa.com\/wp-content\/uploads\/2016\/04\/lib3.jpg\" rel=\"attachment wp-att-666\"><img aria-describedby=\"caption-attachment-666\" decoding=\"async\" loading=\"lazy\" class=\"wp-image-666 \" src=\"http:\/\/marcosmesa.com\/wp-content\/uploads\/2016\/04\/lib3.jpg\" alt=\"Ejemplo de p\u00e1ginas del cuadernillo\" width=\"540\" height=\"1142\" \/><\/a><p id=\"caption-attachment-666\" class=\"wp-caption-text\">Ejemplo de p\u00e1ginas del cuadernillo<\/p><\/div><\/p>","protected":false},"excerpt":{"rendered":"<p>Trabajo de ilustraci\u00f3n, fotograf\u00eda y dise\u00f1o de disco del grupo musical Sons de Cabiella. &nbsp;<\/p>\n","protected":false},"author":1,"featured_media":657,"parent":0,"menu_order":0,"comment_status":"closed","ping_status":"closed","template":"","meta":[],"_links":{"self":[{"href":"http:\/\/marcosmesa.com\/es\/wp-json\/wp\/v2\/pages\/652"}],"collection":[{"href":"http:\/\/marcosmesa.com\/es\/wp-json\/wp\/v2\/pages"}],"about":[{"href":"http:\/\/marcosmesa.com\/es\/wp-json\/wp\/v2\/types\/page"}],"author":[{"embeddable":true,"href":"http:\/\/marcosmesa.com\/es\/wp-json\/wp\/v2\/users\/1"}],"replies":[{"embeddable":true,"href":"http:\/\/marcosmesa.com\/es\/wp-json\/wp\/v2\/comments?post=652"}],"version-history":[{"count":12,"href":"http:\/\/marcosmesa.com\/es\/wp-json\/wp\/v2\/pages\/652\/revisions"}],"predecessor-version":[{"id":834,"href":"http:\/\/marcosmesa.com\/es\/wp-json\/wp\/v2\/pages\/652\/revisions\/834"}],"wp:featuredmedia":[{"embeddable":true,"href":"http:\/\/marcosmesa.com\/es\/wp-json\/wp\/v2\/media\/657"}],"wp:attachment":[{"href":"http:\/\/marcosmesa.com\/es\/wp-json\/wp\/v2\/media?parent=652"}],"curies":[{"name":"wp","href":"https:\/\/api.w.org\/{rel}","templated":true}]}}